{"id":22885,"date":"2022-05-02T15:04:39","date_gmt":"2022-05-02T13:04:39","guid":{"rendered":"https:\/\/www.laboratoires-unisson.com\/produit\/active-pro-7x"},"modified":"2025-12-03T10:07:04","modified_gmt":"2025-12-03T09:07:04","slug":"active-pro-7x","status":"publish","type":"product","link":"https:\/\/www.laboratoires-unisson.com\/fr-be\/produit\/appareils-auditifs\/signia\/active-pro-7x","title":{"rendered":"Active Pro 7X"},"content":{"rendered":"<p style=\"text-align: center;\"><iframe loading=\"lazy\" title=\"YouTube video player\" src=\"https:\/\/www.youtube.com\/embed\/wQDNzbRZoJU\" width=\"560\" height=\"315\" frameborder=\"0\" allowfullscreen=\"allowfullscreen\"><\/iframe><\/p>\n<p>L&#8217;aide auditive Signia Active Pro est un appareil <strong>intra-auriculaire<\/strong>\u00a0<em>(invisible)<\/em> <strong>de classe II rechargeable et connect\u00e9<\/strong>. Ce nouveau mod\u00e8le se veut\u00a0<strong>avant-gardiste gr\u00e2ce \u00e0 son design fortement similaire aux \u00e9couteurs portatifs de type &#8220;bud&#8221;<\/strong>.<\/p>\n<p>Il poss\u00e8de <strong>20 canaux de r\u00e9glages<\/strong>, <strong>48 bandes de filtrage<\/strong> et est certifi\u00e9 <strong>IP68<\/strong>. Il est dot\u00e9 de la <strong>puce\u00a0Xperience<\/strong> de Signia int\u00e9grant la\u00a0<strong>technologie\u00a0YourSound<\/strong>, am\u00e9liorant ainsi l&#8217;exp\u00e9rience auditive dans les situations bruyantes. Cet appareil convient \u00e9galement aux personnes souffrant d&#8217;acouph\u00e8nes car il dispose d&#8217;un <strong>g\u00e9n\u00e9rateur de bruit<\/strong>.<\/p>\n<p>Le Signia Active Pro est un <strong>appareil auditif rechargeable<\/strong> avec une batterie lithium-ion\u00a0qui assure une autonomie de 26h <em>(sans streaming)<\/em>. Vos appareils Active Pro se rechargent compl\u00e8tement en 4h et s&#8217;emportent partout gr\u00e2ce \u00e0 son \u00e9crin de charge nomade. Il est compatible avec la technologie Qi et la recharge filaire USB-C.<\/p>\n<p>De plus, il est \u00e9galement \u00e9quip\u00e9 d&#8217;une <strong>connexion Bluetooth<\/strong> vous permettant de connecter vos aides auditives Active Pro directement \u00e0 votre smartphone, musique, TV.<\/p>\n<p>L&#8217;avantage de cet intra-auriculaire est qu&#8217;<strong>il s&#8217;adapte \u00e0 toutes les morphologies d&#8217;oreille<\/strong>\u00a0gr\u00e2ce \u00e0 des d\u00f4mes Clicksleeve 2.0TM, disponibles en plusieurs tailles (XS, S, M, L).<\/p>\n<p>Ce mod\u00e8le vous est propos\u00e9 en <strong>3 colori<\/strong>s : noir, noir\/argent et blanc\/rose.<\/p>\n<p>L&#8217;appareil auditif Signia Active Pro est compatible avec plusieurs accessoires :<\/p>\n<ul>\n<li><strong>Active Chargeur<\/strong><\/li>\n<li><strong>StreamLine TV<\/strong> : accessoires sans fil qui connecte vos aides auditives Active Pro directement \u00e0 votre TV<\/li>\n<li><strong>StreamLine Mic<\/strong> : vous permet le streaming audio en st\u00e9r\u00e9o des appels, vid\u00e9os, musique et propose \u00e9galement une fonction de micro d\u00e9port\u00e9<\/li>\n<li><strong>MiniP<\/strong><strong>o<\/strong><strong>cket<\/strong> : contr\u00f4lez en toute discr\u00e9tion vos appareils Active pro gr\u00e2ce \u00e0 cette t\u00e9l\u00e9commande<\/li>\n<\/ul>\n<h4>Les fonctionnalit\u00e9s de l&#8217;aide auditive Signia Active Pro<\/h4>\n<ul>\n<li>20 canaux de r\u00e9glages<\/li>\n<li>48 bandes de filtrages<\/li>\n<li>6 programmes d&#8217;\u00e9coute<\/li>\n<li>EchoShield<\/li>\n<li>eWindScreen<\/li>\n<li>SoundSmoothing<\/li>\n<li>Anti-larsen<\/li>\n<li>Spatial SpeechFocus<\/li>\n<li>CROSPhone<\/li>\n<li>Compression fr\u00e9quentielle<\/li>\n<li>Spatial Configurator<\/li>\n<li>Connexion Bluetooth<\/li>\n<li>Batterie Lithium-ion<\/li>\n<li>IP 68<\/li>\n<\/ul>\n","protected":false},"excerpt":{"rendered":"<p>L&#8217;aide auditive Signia Active Pro est un appareil intra-auriculaire\u00a0(invisible) de classe II rechargeable et connect\u00e9. Ce nouveau mod\u00e8le se veut\u00a0avant-gardiste gr\u00e2ce \u00e0 son design fortement similaire aux \u00e9couteurs portatifs de type &#8220;bud&#8221;. Il poss\u00e8de 20 canaux de r\u00e9glages, 48 bandes de filtrage et est certifi\u00e9 IP68. Il est dot\u00e9 de la puce\u00a0Xperience de Signia int\u00e9grant [&hellip;]<\/p>\n","protected":false},"featured_media":20812,"template":"","meta":{"_acf_changed":false},"product_brand":[],"product_cat":[2684,2830],"product_tag":[],"class_list":{"0":"post-22885","1":"product","2":"type-product","3":"status-publish","4":"has-post-thumbnail","6":"product_cat-offre-premium-fr-be","7":"product_cat-signia-fr-be","9":"first","10":"instock","11":"taxable","12":"shipping-taxable","13":"purchasable","14":"product-type-simple"},"acf":[],"yoast_head":"<!-- This site is optimized with the Yoast SEO plugin v27.1.1 - https:\/\/yoast.com\/product\/yoast-seo-wordpress\/ -->\n<title>Appareil auditif Signia Active Pro 7X \u00e0 2100\u20ac - Unisson Belgique<\/title>\n<meta name=\"description\" content=\"Pourquoi choisir le Signia Active Pro 7X ? Profitez d&#039;une audition claire et d&#039;une technologie avanc\u00e9e chez Unisson Belgique \u00e0 un prix comp\u00e9titif.\" \/>\n<meta name=\"robots\" content=\"index, follow, max-snippet:-1, max-image-preview:large, max-video-preview:-1\" \/>\n<link rel=\"canonical\" href=\"https:\/\/www.laboratoires-unisson.com\/fr-be\/wp-json\/wp\/v2\/product\/22885\" \/>\n<meta property=\"og:locale\" content=\"fr_FR\" \/>\n<meta property=\"og:type\" content=\"article\" \/>\n<meta property=\"og:title\" content=\"Active Pro 7X - Laboratoires Unisson\" \/>\n<meta property=\"og:description\" content=\"Pourquoi choisir le Signia Active Pro 7X ? Profitez d&#039;une audition claire et d&#039;une technologie avanc\u00e9e chez Unisson Belgique \u00e0 un prix comp\u00e9titif.\" \/>\n<meta property=\"og:url\" content=\"https:\/\/www.laboratoires-unisson.com\/fr-be\/produit\/appareils-auditifs\/signia\/active-pro-7x\" \/>\n<meta property=\"og:site_name\" content=\"Laboratoires Unisson\" \/>\n<meta property=\"article:modified_time\" content=\"2025-12-03T09:07:04+00:00\" \/>\n<meta property=\"og:image\" content=\"https:\/\/www.laboratoires-unisson.com\/wp-content\/uploads\/2022\/05\/Signia-Active-Pro-7X.png\" \/>\n\t<meta property=\"og:image:width\" content=\"450\" \/>\n\t<meta property=\"og:image:height\" content=\"500\" \/>\n\t<meta property=\"og:image:type\" content=\"image\/png\" \/>\n<meta name=\"twitter:card\" content=\"summary_large_image\" \/>\n<meta name=\"twitter:label1\" content=\"Est. reading time\" \/>\n\t<meta name=\"twitter:data1\" content=\"2 minutes\" \/>\n<script type=\"application\/ld+json\" class=\"yoast-schema-graph\">{\"@context\":\"https:\/\/schema.org\",\"@graph\":[{\"@type\":\"WebPage\",\"@id\":\"https:\/\/www.laboratoires-unisson.com\/fr-be\/produit\/appareils-auditifs\/signia\/active-pro-7x\",\"url\":\"https:\/\/www.laboratoires-unisson.com\/fr-be\/produit\/appareils-auditifs\/signia\/active-pro-7x\",\"name\":\"Active Pro 7X - Laboratoires Unisson\",\"isPartOf\":{\"@id\":\"https:\/\/www.laboratoires-unisson.com\/fr-be#website\"},\"primaryImageOfPage\":{\"@id\":\"https:\/\/www.laboratoires-unisson.com\/fr-be\/produit\/appareils-auditifs\/signia\/active-pro-7x#primaryimage\"},\"image\":{\"@id\":\"https:\/\/www.laboratoires-unisson.com\/fr-be\/produit\/appareils-auditifs\/signia\/active-pro-7x#primaryimage\"},\"thumbnailUrl\":\"https:\/\/www.laboratoires-unisson.com\/wp-content\/uploads\/2022\/05\/Signia-Active-Pro-7X.png\",\"datePublished\":\"2022-05-02T13:04:39+00:00\",\"dateModified\":\"2025-12-03T09:07:04+00:00\",\"description\":\"Pourquoi choisir le Signia Active Pro 7X ? Profitez d'une audition claire et d'une technologie avanc\u00e9e chez Unisson Belgique \u00e0 un prix comp\u00e9titif.\",\"breadcrumb\":{\"@id\":\"https:\/\/www.laboratoires-unisson.com\/fr-be\/produit\/appareils-auditifs\/signia\/active-pro-7x#breadcrumb\"},\"inLanguage\":\"fr-BE\",\"potentialAction\":[{\"@type\":\"ReadAction\",\"target\":[\"https:\/\/www.laboratoires-unisson.com\/fr-be\/produit\/appareils-auditifs\/signia\/active-pro-7x\"]}]},{\"@type\":\"ImageObject\",\"inLanguage\":\"fr-BE\",\"@id\":\"https:\/\/www.laboratoires-unisson.com\/fr-be\/produit\/appareils-auditifs\/signia\/active-pro-7x#primaryimage\",\"url\":\"https:\/\/www.laboratoires-unisson.com\/wp-content\/uploads\/2022\/05\/Signia-Active-Pro-7X.png\",\"contentUrl\":\"https:\/\/www.laboratoires-unisson.com\/wp-content\/uploads\/2022\/05\/Signia-Active-Pro-7X.png\",\"width\":450,\"height\":500},{\"@type\":\"BreadcrumbList\",\"@id\":\"https:\/\/www.laboratoires-unisson.com\/fr-be\/produit\/appareils-auditifs\/signia\/active-pro-7x#breadcrumb\",\"itemListElement\":[{\"@type\":\"ListItem\",\"position\":1,\"name\":\"Shop\",\"item\":\"https:\/\/www.laboratoires-unisson.com\/fr-be\/shop\"},{\"@type\":\"ListItem\",\"position\":2,\"name\":\"Active Pro 7X\"}]},{\"@type\":\"WebSite\",\"@id\":\"https:\/\/www.laboratoires-unisson.com\/fr-be#website\",\"url\":\"https:\/\/www.laboratoires-unisson.com\/fr-be\",\"name\":\"Laboratoires Unisson\",\"description\":\"Appareil auditif et proth\u00e8se auditive Moins Cher jusqu&#039;\u00e0 -40%\",\"publisher\":{\"@id\":\"https:\/\/www.laboratoires-unisson.com\/fr-be#organization\"},\"potentialAction\":[{\"@type\":\"SearchAction\",\"target\":{\"@type\":\"EntryPoint\",\"urlTemplate\":\"https:\/\/www.laboratoires-unisson.com\/fr-be?s={search_term_string}\"},\"query-input\":{\"@type\":\"PropertyValueSpecification\",\"valueRequired\":true,\"valueName\":\"search_term_string\"}}],\"inLanguage\":\"fr-BE\"},{\"@type\":\"Organization\",\"@id\":\"https:\/\/www.laboratoires-unisson.com\/fr-be#organization\",\"name\":\"Laboratoires Unisson\",\"url\":\"https:\/\/www.laboratoires-unisson.com\/fr-be\",\"logo\":{\"@type\":\"ImageObject\",\"inLanguage\":\"fr-BE\",\"@id\":\"https:\/\/www.laboratoires-unisson.com\/fr-be#\/schema\/logo\/image\/\",\"url\":\"https:\/\/www.laboratoires-unisson.com\/wp-content\/uploads\/2022\/01\/logo-unisson.svg\",\"contentUrl\":\"https:\/\/www.laboratoires-unisson.com\/wp-content\/uploads\/2022\/01\/logo-unisson.svg\",\"width\":1,\"height\":1,\"caption\":\"Laboratoires Unisson\"},\"image\":{\"@id\":\"https:\/\/www.laboratoires-unisson.com\/fr-be#\/schema\/logo\/image\/\"}}]}<\/script>\n<!-- \/ Yoast SEO plugin. -->","yoast_head_json":{"title":"Appareil auditif Signia Active Pro 7X \u00e0 2100\u20ac - Unisson Belgique","description":"Pourquoi choisir le Signia Active Pro 7X ? Profitez d'une audition claire et d'une technologie avanc\u00e9e chez Unisson Belgique \u00e0 un prix comp\u00e9titif.","robots":{"index":"index","follow":"follow","max-snippet":"max-snippet:-1","max-image-preview":"max-image-preview:large","max-video-preview":"max-video-preview:-1"},"canonical":"https:\/\/www.laboratoires-unisson.com\/fr-be\/wp-json\/wp\/v2\/product\/22885","og_locale":"fr_FR","og_type":"article","og_title":"Active Pro 7X - Laboratoires Unisson","og_description":"Pourquoi choisir le Signia Active Pro 7X ? Profitez d'une audition claire et d'une technologie avanc\u00e9e chez Unisson Belgique \u00e0 un prix comp\u00e9titif.","og_url":"https:\/\/www.laboratoires-unisson.com\/fr-be\/produit\/appareils-auditifs\/signia\/active-pro-7x","og_site_name":"Laboratoires Unisson","article_modified_time":"2025-12-03T09:07:04+00:00","og_image":[{"width":450,"height":500,"url":"https:\/\/www.laboratoires-unisson.com\/wp-content\/uploads\/2022\/05\/Signia-Active-Pro-7X.png","type":"image\/png"}],"twitter_card":"summary_large_image","twitter_misc":{"Est. reading time":"2 minutes"},"schema":{"@context":"https:\/\/schema.org","@graph":[{"@type":"WebPage","@id":"https:\/\/www.laboratoires-unisson.com\/fr-be\/produit\/appareils-auditifs\/signia\/active-pro-7x","url":"https:\/\/www.laboratoires-unisson.com\/fr-be\/produit\/appareils-auditifs\/signia\/active-pro-7x","name":"Active Pro 7X - Laboratoires Unisson","isPartOf":{"@id":"https:\/\/www.laboratoires-unisson.com\/fr-be#website"},"primaryImageOfPage":{"@id":"https:\/\/www.laboratoires-unisson.com\/fr-be\/produit\/appareils-auditifs\/signia\/active-pro-7x#primaryimage"},"image":{"@id":"https:\/\/www.laboratoires-unisson.com\/fr-be\/produit\/appareils-auditifs\/signia\/active-pro-7x#primaryimage"},"thumbnailUrl":"https:\/\/www.laboratoires-unisson.com\/wp-content\/uploads\/2022\/05\/Signia-Active-Pro-7X.png","datePublished":"2022-05-02T13:04:39+00:00","dateModified":"2025-12-03T09:07:04+00:00","description":"Pourquoi choisir le Signia Active Pro 7X ? Profitez d'une audition claire et d'une technologie avanc\u00e9e chez Unisson Belgique \u00e0 un prix comp\u00e9titif.","breadcrumb":{"@id":"https:\/\/www.laboratoires-unisson.com\/fr-be\/produit\/appareils-auditifs\/signia\/active-pro-7x#breadcrumb"},"inLanguage":"fr-BE","potentialAction":[{"@type":"ReadAction","target":["https:\/\/www.laboratoires-unisson.com\/fr-be\/produit\/appareils-auditifs\/signia\/active-pro-7x"]}]},{"@type":"ImageObject","inLanguage":"fr-BE","@id":"https:\/\/www.laboratoires-unisson.com\/fr-be\/produit\/appareils-auditifs\/signia\/active-pro-7x#primaryimage","url":"https:\/\/www.laboratoires-unisson.com\/wp-content\/uploads\/2022\/05\/Signia-Active-Pro-7X.png","contentUrl":"https:\/\/www.laboratoires-unisson.com\/wp-content\/uploads\/2022\/05\/Signia-Active-Pro-7X.png","width":450,"height":500},{"@type":"BreadcrumbList","@id":"https:\/\/www.laboratoires-unisson.com\/fr-be\/produit\/appareils-auditifs\/signia\/active-pro-7x#breadcrumb","itemListElement":[{"@type":"ListItem","position":1,"name":"Shop","item":"https:\/\/www.laboratoires-unisson.com\/fr-be\/shop"},{"@type":"ListItem","position":2,"name":"Active Pro 7X"}]},{"@type":"WebSite","@id":"https:\/\/www.laboratoires-unisson.com\/fr-be#website","url":"https:\/\/www.laboratoires-unisson.com\/fr-be","name":"Laboratoires Unisson","description":"Appareil auditif et proth\u00e8se auditive Moins Cher jusqu&#039;\u00e0 -40%","publisher":{"@id":"https:\/\/www.laboratoires-unisson.com\/fr-be#organization"},"potentialAction":[{"@type":"SearchAction","target":{"@type":"EntryPoint","urlTemplate":"https:\/\/www.laboratoires-unisson.com\/fr-be?s={search_term_string}"},"query-input":{"@type":"PropertyValueSpecification","valueRequired":true,"valueName":"search_term_string"}}],"inLanguage":"fr-BE"},{"@type":"Organization","@id":"https:\/\/www.laboratoires-unisson.com\/fr-be#organization","name":"Laboratoires Unisson","url":"https:\/\/www.laboratoires-unisson.com\/fr-be","logo":{"@type":"ImageObject","inLanguage":"fr-BE","@id":"https:\/\/www.laboratoires-unisson.com\/fr-be#\/schema\/logo\/image\/","url":"https:\/\/www.laboratoires-unisson.com\/wp-content\/uploads\/2022\/01\/logo-unisson.svg","contentUrl":"https:\/\/www.laboratoires-unisson.com\/wp-content\/uploads\/2022\/01\/logo-unisson.svg","width":1,"height":1,"caption":"Laboratoires Unisson"},"image":{"@id":"https:\/\/www.laboratoires-unisson.com\/fr-be#\/schema\/logo\/image\/"}}]}},"_links":{"self":[{"href":"https:\/\/www.laboratoires-unisson.com\/fr-be\/wp-json\/wp\/v2\/product\/22885","targetHints":{"allow":["GET"]}}],"collection":[{"href":"https:\/\/www.laboratoires-unisson.com\/fr-be\/wp-json\/wp\/v2\/product"}],"about":[{"href":"https:\/\/www.laboratoires-unisson.com\/fr-be\/wp-json\/wp\/v2\/types\/product"}],"wp:featuredmedia":[{"embeddable":true,"href":"https:\/\/www.laboratoires-unisson.com\/fr-be\/wp-json\/wp\/v2\/media\/20812"}],"wp:attachment":[{"href":"https:\/\/www.laboratoires-unisson.com\/fr-be\/wp-json\/wp\/v2\/media?parent=22885"}],"wp:term":[{"taxonomy":"product_brand","embeddable":true,"href":"https:\/\/www.laboratoires-unisson.com\/fr-be\/wp-json\/wp\/v2\/product_brand?post=22885"},{"taxonomy":"product_cat","embeddable":true,"href":"https:\/\/www.laboratoires-unisson.com\/fr-be\/wp-json\/wp\/v2\/product_cat?post=22885"},{"taxonomy":"product_tag","embeddable":true,"href":"https:\/\/www.laboratoires-unisson.com\/fr-be\/wp-json\/wp\/v2\/product_tag?post=22885"}],"curies":[{"name":"wp","href":"https:\/\/api.w.org\/{rel}","templated":true}]}}